{"id":13105,"date":"2022-08-31T16:48:38","date_gmt":"2022-08-31T13:48:38","guid":{"rendered":"https:\/\/kurcaloglu.com\/?page_id=13105"},"modified":"2022-09-02T16:08:57","modified_gmt":"2022-09-02T13:08:57","slug":"e-devlet-isim-degistirme","status":"publish","type":"page","link":"https:\/\/kurcaloglu.com\/fr\/e-devlet-isim-degistirme\/","title":{"rendered":"La P\u00e9riode de Changement de Nom via E-Gouvernement a Commenc\u00e9"},"content":{"rendered":"<div data-elementor-type=\"wp-page\" data-elementor-id=\"13105\" class=\"elementor elementor-13105\">\n\t\t\t\t\t\t<section class=\"elementor-section elementor-top-section elementor-element elementor-element-b437a91 elementor-section-boxed elementor-section-height-default elementor-section-height-default\" data-id=\"b437a91\" data-element_type=\"section\">\n\t\t\t\t\t\t<div class=\"elementor-container elementor-column-gap-default\">\n\t\t\t\t\t<div class=\"elementor-column elementor-col-100 elementor-top-column elementor-element elementor-element-f1ee91d\" data-id=\"f1ee91d\" data-element_type=\"column\">\n\t\t\t<div class=\"elementor-widget-wrap elementor-element-populated\">\n\t\t\t\t\t\t<div class=\"elementor-element elementor-element-ff956ce elementor-widget elementor-widget-spacer\" data-id=\"ff956ce\" data-element_type=\"widget\" data-widget_type=\"spacer.default\">\n\t\t\t\t<div class=\"elementor-widget-container\">\n\t\t\t\t\t<div class=\"elementor-spacer\">\n\t\t\t<div class=\"elementor-spacer-inner\"><\/div>\n\t\t<\/div>\n\t\t\t\t<\/div>\n\t\t\t\t<\/div>\n\t\t\t\t\t<\/div>\n\t\t<\/div>\n\t\t\t\t\t<\/div>\n\t\t<\/section>\n\t\t\t\t<section class=\"elementor-section elementor-top-section elementor-element elementor-element-709e2b9 elementor-section-boxed elementor-section-height-default elementor-section-height-default\" data-id=\"709e2b9\" data-element_type=\"section\">\n\t\t\t\t\t\t<div class=\"elementor-container elementor-column-gap-default\">\n\t\t\t\t\t<div class=\"elementor-column elementor-col-100 elementor-top-column elementor-element elementor-element-66d93ea\" data-id=\"66d93ea\" data-element_type=\"column\">\n\t\t\t<div class=\"elementor-widget-wrap elementor-element-populated\">\n\t\t\t\t\t\t<div class=\"elementor-element elementor-element-26701fa elementor-widget elementor-widget-image\" data-id=\"26701fa\" data-element_type=\"widget\" data-widget_type=\"image.default\">\n\t\t\t\t<div class=\"elementor-widget-container\">\n\t\t\t\t\t\t\t\t\t\t\t\t\t<img fetchpriority=\"high\" decoding=\"async\" width=\"768\" height=\"516\" src=\"https:\/\/kurcaloglu.com\/wp-content\/uploads\/2022\/08\/Untitled-1-768x516.jpg\" class=\"attachment-medium_large size-medium_large wp-image-13084\" alt=\"\" srcset=\"https:\/\/kurcaloglu.com\/wp-content\/uploads\/2022\/08\/Untitled-1-768x516.jpg 768w, https:\/\/kurcaloglu.com\/wp-content\/uploads\/2022\/08\/Untitled-1-300x202.jpg 300w, https:\/\/kurcaloglu.com\/wp-content\/uploads\/2022\/08\/Untitled-1-1024x688.jpg 1024w, https:\/\/kurcaloglu.com\/wp-content\/uploads\/2022\/08\/Untitled-1.jpg 1070w\" sizes=\"(max-width: 768px) 100vw, 768px\" \/>\t\t\t\t\t\t\t\t\t\t\t\t\t<\/div>\n\t\t\t\t<\/div>\n\t\t\t\t\t<\/div>\n\t\t<\/div>\n\t\t\t\t\t<\/div>\n\t\t<\/section>\n\t\t\t\t<section class=\"elementor-section elementor-top-section elementor-element elementor-element-4ac46ad elementor-section-full_width elementor-section-height-default elementor-section-height-default\" data-id=\"4ac46ad\" data-element_type=\"section\">\n\t\t\t\t\t\t<div class=\"elementor-container elementor-column-gap-default\">\n\t\t\t\t\t<div class=\"elementor-column elementor-col-100 elementor-top-column elementor-element elementor-element-f0ff4b3\" data-id=\"f0ff4b3\" data-element_type=\"column\">\n\t\t\t<div class=\"elementor-widget-wrap elementor-element-populated\">\n\t\t\t\t\t\t<div class=\"elementor-element elementor-element-a8f0abf elementor-widget elementor-widget-heading\" data-id=\"a8f0abf\" data-element_type=\"widget\" data-widget_type=\"heading.default\">\n\t\t\t\t<div class=\"elementor-widget-container\">\n\t\t\t<h3 class=\"elementor-heading-title elementor-size-large\"><p style=\"color: rgb(0, 0, 0); line-height: 22px; margin-bottom: 0cm; direction: ltr; background: transparent; font-family: &quot;Arial&quot;, serif; font-size: 12pt; font-weight: 400; white-space: normal;\"><font style=\"font-size: 22pt;\"><b>La P\u00e9riode de Changement de Nom via E-Gouvernement a Commenc\u00e9<\/b><\/font><span style=\"font-family: Lora, serif; font-size: 36px; font-weight: 600; white-space: pre-wrap;\"><\/span><\/p><\/h3>\t\t<\/div>\n\t\t\t\t<\/div>\n\t\t\t\t\t<\/div>\n\t\t<\/div>\n\t\t\t\t\t<\/div>\n\t\t<\/section>\n\t\t\t\t<section class=\"elementor-section elementor-top-section elementor-element elementor-element-0513fa5 elementor-section-full_width elementor-section-height-default elementor-section-height-default\" data-id=\"0513fa5\" data-element_type=\"section\">\n\t\t\t\t\t\t<div class=\"elementor-container elementor-column-gap-extended\">\n\t\t\t\t\t<div class=\"elementor-column elementor-col-100 elementor-top-column elementor-element elementor-element-b74ed2a\" data-id=\"b74ed2a\" data-element_type=\"column\">\n\t\t\t<div class=\"elementor-widget-wrap elementor-element-populated\">\n\t\t\t\t\t\t<div class=\"elementor-element elementor-element-e643de6 elementor-widget elementor-widget-text-editor\" data-id=\"e643de6\" data-element_type=\"widget\" data-widget_type=\"text-editor.default\">\n\t\t\t\t<div class=\"elementor-widget-container\">\n\t\t\t\t\t\t\t<p class=\"western\" style=\"color: #000000; line-height: 18px; margin-bottom: 0cm; direction: ltr; background: transparent; font-family: 'Arial', serif; font-size: 12pt; font-weight: 400;\">\u00c0 la suite de l'amendement apport\u00e9 \u00e0 la loi n\u00b0 5490 sur les services de l'\u00e9tat civil le 17 octobre 2017, il a \u00e9t\u00e9 permis de changer, une seule fois et sans d\u00e9cision de justice, les noms et pr\u00e9noms \u00e9crits en violation de l'article 3 de la loi sur les noms de famille, ceux comportant des erreurs de r\u00e9daction ou d'orthographe, ou ceux dont la signification a chang\u00e9 en raison de l'usage ou non de signes diacritiques. Cette modification peut \u00eatre effectu\u00e9e par d\u00e9cision du comit\u00e9 administratif de la province ou du district, \u00e0 condition que la personne d\u00e9pose une demande \u00e9crite \u00e0 la direction de l'\u00e9tat civil de son lieu de r\u00e9sidence dans un d\u00e9lai de deux ans.<\/p><p class=\"western\" style=\"color: #000000; line-height: 18px; margin-bottom: 0cm; direction: ltr; background: transparent; font-family: 'Arial', serif; font-size: 12pt; font-weight: 400;\">\u00a0<\/p><p class=\"western\" style=\"color: #000000; line-height: 18px; margin-bottom: 0cm; direction: ltr; background: transparent; font-family: 'Arial', serif; font-size: 12pt; font-weight: 400;\">Le 6 d\u00e9cembre 2019, avec la loi modifiant certaines lois et le d\u00e9cret-loi n\u00b0 375, la p\u00e9riode d\u00e9termin\u00e9e par l'article temporaire ajout\u00e9 \u00e0 la loi n\u00b0 5490 sur les services de l'\u00e9tat civil a \u00e9t\u00e9 prolong\u00e9e de 3 ans. De plus, il a \u00e9t\u00e9 pr\u00e9vu que, si une nouvelle prolongation de la p\u00e9riode devenait n\u00e9cessaire apr\u00e8s l'expiration de la p\u00e9riode d\u00e9termin\u00e9e pour la validit\u00e9 de l'article, celle-ci pourrait \u00eatre effectu\u00e9e par le Pr\u00e9sident sans avoir \u00e0 modifier la loi. Par ailleurs, une nouvelle disposition ajout\u00e9e \u00e0 l'article a permis de changer, sans d\u00e9cision de justice, les noms jug\u00e9s contraires \u00e0 la morale g\u00e9n\u00e9rale ou consid\u00e9r\u00e9s comme ridicules par la soci\u00e9t\u00e9, par les comit\u00e9s administratifs provinciaux ou de district.<\/p><p class=\"western\" style=\"color: #000000; line-height: 18px; margin-bottom: 0cm; direction: ltr; background: transparent; font-family: 'Arial', serif; font-size: 12pt; font-weight: 400;\">\u00a0<\/p><p class=\"western\" style=\"color: #000000; line-height: 18px; margin-bottom: 0cm; direction: ltr; background: transparent; font-family: 'Arial', serif; font-size: 12pt; font-weight: 400;\">\u00a0<\/p><p class=\"western\" style=\"color: #000000; line-height: 18px; margin-bottom: 0cm; direction: ltr; background: transparent; font-family: 'Arial', serif; font-size: 12pt; font-weight: 400;\"><strong>Une nouvelle fonctionnalit\u00e9 a \u00e9t\u00e9 ajout\u00e9e l'ann\u00e9e derni\u00e8re \u00e0 l'application e-Gouvernement, utilis\u00e9e par des millions de personnes.<\/strong><\/p><p class=\"western\" style=\"color: #000000; line-height: 18px; margin-bottom: 0cm; direction: ltr; background: transparent; font-family: 'Arial', serif; font-size: 12pt; font-weight: 400;\">Il n'est plus n\u00e9cessaire de se rendre au tribunal pour changer de nom. Avec l'annonce officielle r\u00e9cente de la Direction g\u00e9n\u00e9rale de la population et des affaires civiles, ceux qui souhaitent changer leur nom ou pr\u00e9nom pourront le faire via l'application e-Gouvernement, sans avoir \u00e0 passer par une proc\u00e9dure judiciaire.<\/p><p class=\"western\" style=\"color: #000000; line-height: 18px; margin-bottom: 0cm; direction: ltr; background: transparent; font-family: 'Times New Roman', serif; font-size: 12pt; font-weight: 400;\">\u00a0<\/p>\t\t\t\t\t\t<\/div>\n\t\t\t\t<\/div>\n\t\t\t\t\t<\/div>\n\t\t<\/div>\n\t\t\t\t\t<\/div>\n\t\t<\/section>\n\t\t\t\t<section class=\"elementor-section elementor-top-section elementor-element elementor-element-25e28db elementor-section-boxed elementor-section-height-default elementor-section-height-default\" data-id=\"25e28db\" data-element_type=\"section\">\n\t\t\t\t\t\t<div class=\"elementor-container elementor-column-gap-default\">\n\t\t\t\t\t<div class=\"elementor-column elementor-col-100 elementor-top-column elementor-element elementor-element-c96baee\" data-id=\"c96baee\" data-element_type=\"column\">\n\t\t\t<div class=\"elementor-widget-wrap elementor-element-populated\">\n\t\t\t\t\t\t<div class=\"elementor-element elementor-element-bcebac8 elementor-widget elementor-widget-image\" data-id=\"bcebac8\" data-element_type=\"widget\" data-widget_type=\"image.default\">\n\t\t\t\t<div class=\"elementor-widget-container\">\n\t\t\t\t\t\t\t\t\t\t\t\t\t<img decoding=\"async\" width=\"768\" height=\"384\" src=\"https:\/\/kurcaloglu.com\/wp-content\/uploads\/2022\/08\/Untitled-2-768x384.jpg\" class=\"attachment-medium_large size-medium_large wp-image-13085\" alt=\"\" srcset=\"https:\/\/kurcaloglu.com\/wp-content\/uploads\/2022\/08\/Untitled-2-768x384.jpg 768w, https:\/\/kurcaloglu.com\/wp-content\/uploads\/2022\/08\/Untitled-2-300x150.jpg 300w, https:\/\/kurcaloglu.com\/wp-content\/uploads\/2022\/08\/Untitled-2-1024x512.jpg 1024w, https:\/\/kurcaloglu.com\/wp-content\/uploads\/2022\/08\/Untitled-2-1536x768.jpg 1536w, https:\/\/kurcaloglu.com\/wp-content\/uploads\/2022\/08\/Untitled-2.jpg 1600w\" sizes=\"(max-width: 768px) 100vw, 768px\" \/>\t\t\t\t\t\t\t\t\t\t\t\t\t<\/div>\n\t\t\t\t<\/div>\n\t\t\t\t\t<\/div>\n\t\t<\/div>\n\t\t\t\t\t<\/div>\n\t\t<\/section>\n\t\t\t\t<section class=\"elementor-section elementor-top-section elementor-element elementor-element-42f7f7e elementor-section-boxed elementor-section-height-default elementor-section-height-default\" data-id=\"42f7f7e\" data-element_type=\"section\">\n\t\t\t\t\t\t<div class=\"elementor-container elementor-column-gap-default\">\n\t\t\t\t\t<div class=\"elementor-column elementor-col-100 elementor-top-column elementor-element elementor-element-2047f55\" data-id=\"2047f55\" data-element_type=\"column\">\n\t\t\t<div class=\"elementor-widget-wrap elementor-element-populated\">\n\t\t\t\t\t\t<div class=\"elementor-element elementor-element-95b33c7 elementor-widget elementor-widget-heading\" data-id=\"95b33c7\" data-element_type=\"widget\" data-widget_type=\"heading.default\">\n\t\t\t\t<div class=\"elementor-widget-container\">\n\t\t\t<h1 class=\"elementor-heading-title elementor-size-default\"><b style=\"font-size: 22pt; background-color: transparent; font-family: &quot;Arial&quot;, serif; white-space: normal;\">Comment Changer son Nom et Pr\u00e9nom via e-Gouvernement ?<\/b><\/h1>\t\t<\/div>\n\t\t\t\t<\/div>\n\t\t\t\t\t<\/div>\n\t\t<\/div>\n\t\t\t\t\t<\/div>\n\t\t<\/section>\n\t\t\t\t<section class=\"elementor-section elementor-top-section elementor-element elementor-element-9336bf1 elementor-section-boxed elementor-section-height-default elementor-section-height-default\" data-id=\"9336bf1\" data-element_type=\"section\">\n\t\t\t\t\t\t<div class=\"elementor-container elementor-column-gap-narrow\">\n\t\t\t\t\t<div class=\"elementor-column elementor-col-100 elementor-top-column elementor-element elementor-element-5f4c4eb\" data-id=\"5f4c4eb\" data-element_type=\"column\">\n\t\t\t<div class=\"elementor-widget-wrap elementor-element-populated\">\n\t\t\t\t\t\t<div class=\"elementor-element elementor-element-4b05ac7 elementor-widget elementor-widget-text-editor\" data-id=\"4b05ac7\" data-element_type=\"widget\" data-widget_type=\"text-editor.default\">\n\t\t\t\t<div class=\"elementor-widget-container\">\n\t\t\t\t\t\t\t<ul style=\"color: #000000; font-size: medium; font-weight: 400;\">\n \t<li>\n<p class=\"western\" style=\"color: #000000; line-height: 18px; margin-bottom: 0cm; direction: ltr; background: transparent; font-family: 'Arial', serif; font-size: 12pt;\">Connectez-vous au syst\u00e8me e-Gouvernement en utilisant votre num\u00e9ro d'identit\u00e9 T.C., votre signature \u00e9lectronique, votre signature mobile ou votre mot de passe e-Gouvernement. Si vous n'avez pas de mot de passe e-Gouvernement, vous pouvez en obtenir un en visitant le bureau de poste le plus proche.<\/p>\n<\/li>\n<\/ul>\n<ul style=\"color: #000000; font-size: medium; font-weight: 400;\">\n \t<li>\n<p class=\"western\" style=\"color: #000000; line-height: 16px; margin-bottom: 0cm; direction: ltr; background: transparent; font-family: 'Arial', serif; font-size: 12pt;\">Vous devez cliquer sur les onglets \u00ab Institutions \u00bb situ\u00e9s en bas de la page.<\/p>\n<\/li>\n<\/ul>\n<ul style=\"color: #000000; font-size: medium; font-weight: 400;\">\n \t<li>\n<p class=\"western\" style=\"color: #000000; line-height: 16px; margin-bottom: 0cm; direction: ltr; background: transparent; font-family: 'Arial', serif; font-size: 12pt;\">S\u00e9lectionnez l'en-t\u00eate \"Direction g\u00e9n\u00e9rale de la population et des affaires civiles\" dans l'onglet \"Institutions<\/p>\n<\/li>\n<\/ul>\n<ul style=\"color: #000000; font-size: medium; font-weight: 400;\">\n \t<li>\n<p class=\"western\" style=\"color: #000000; line-height: 16px; margin-bottom: 0cm; direction: ltr; background: transparent; font-family: 'Arial', serif; font-size: 12pt;\">Sous cet en-t\u00eate, vous verrez une liste des services offerts via le portail E-Gouvernement.<\/p>\n<\/li>\n<\/ul>\n<ul style=\"color: #000000; font-size: medium; font-weight: 400;\">\n \t<li>\n<p class=\"western\" style=\"color: #000000; line-height: 16px; margin-bottom: 0cm; direction: ltr; background: transparent; font-family: 'Arial', serif; font-size: 12pt;\">Dans cette liste, cliquez sur l'option \"Demande de correction des erreurs dans les registres de la population\".<\/p>\n<\/li>\n<\/ul>\n<ul style=\"color: #000000; font-size: medium; font-weight: 400;\">\n \t<li>\n<p class=\"western\" style=\"color: #000000; line-height: 16px; margin-bottom: 0cm; direction: ltr; background: transparent; font-family: 'Arial', serif; font-size: 12pt;\">Cliquez sur le bouton \"Nouvelle demande\" en haut de l'\u00e9cran.<\/p>\n<\/li>\n<\/ul>\n<ul style=\"color: #000000; font-size: medium; font-weight: 400;\">\n \t<li>\n<p class=\"western\" style=\"color: #000000; line-height: 16px; margin-bottom: 0cm; direction: ltr; background: transparent; font-family: 'Arial', serif; font-size: 12pt;\">Sur l'\u00e9cran qui s'affiche, entrez les informations que vous souhaitez modifier dans la section \"Informations d\u00e9mographiques que vous souhaitez corriger\", puis effectuez la validation.<\/p>\n<\/li>\n<\/ul>\t\t\t\t\t\t<\/div>\n\t\t\t\t<\/div>\n\t\t\t\t\t<\/div>\n\t\t<\/div>\n\t\t\t\t\t<\/div>\n\t\t<\/section>\n\t\t\t\t<section class=\"elementor-section elementor-top-section elementor-element elementor-element-434be1e elementor-section-boxed elementor-section-height-default elementor-section-height-default\" data-id=\"434be1e\" data-element_type=\"section\">\n\t\t\t\t\t\t<div class=\"elementor-container elementor-column-gap-default\">\n\t\t\t\t\t<div class=\"elementor-column elementor-col-100 elementor-top-column elementor-element elementor-element-775bfb7\" data-id=\"775bfb7\" data-element_type=\"column\">\n\t\t\t<div class=\"elementor-widget-wrap\">\n\t\t\t\t\t\t\t<\/div>\n\t\t<\/div>\n\t\t\t\t\t<\/div>\n\t\t<\/section>\n\t\t\t\t<section class=\"elementor-section elementor-top-section elementor-element elementor-element-d870953 elementor-section-boxed elementor-section-height-default elementor-section-height-default\" data-id=\"d870953\" data-element_type=\"section\">\n\t\t\t\t\t\t<div class=\"elementor-container elementor-column-gap-default\">\n\t\t\t\t\t<div class=\"elementor-column elementor-col-100 elementor-top-column elementor-element elementor-element-3989b06\" data-id=\"3989b06\" data-element_type=\"column\">\n\t\t\t<div class=\"elementor-widget-wrap elementor-element-populated\">\n\t\t\t\t\t\t<div class=\"elementor-element elementor-element-6399d86 elementor-widget elementor-widget-heading\" data-id=\"6399d86\" data-element_type=\"widget\" data-widget_type=\"heading.default\">\n\t\t\t\t<div class=\"elementor-widget-container\">\n\t\t\t<h2 class=\"elementor-heading-title elementor-size-default\"><b style=\"font-size: 22pt; background-color: transparent; color: rgb(0, 0, 0); font-family: &quot;Arial&quot;, serif; white-space: normal; font-style: normal; text-align: left;\">Quelle est la date limite pour changer de pr\u00e9nom et de nom de famille via l'E-Gouvernement ?<\/b><\/h2>\t\t<\/div>\n\t\t\t\t<\/div>\n\t\t\t\t\t<\/div>\n\t\t<\/div>\n\t\t\t\t\t<\/div>\n\t\t<\/section>\n\t\t\t\t<section class=\"elementor-section elementor-top-section elementor-element elementor-element-26ed444 elementor-section-boxed elementor-section-height-default elementor-section-height-default\" data-id=\"26ed444\" data-element_type=\"section\">\n\t\t\t\t\t\t<div class=\"elementor-container elementor-column-gap-wide\">\n\t\t\t\t\t<div class=\"elementor-column elementor-col-100 elementor-top-column elementor-element elementor-element-76ad986\" data-id=\"76ad986\" data-element_type=\"column\">\n\t\t\t<div class=\"elementor-widget-wrap elementor-element-populated\">\n\t\t\t\t\t\t<div class=\"elementor-element elementor-element-e944016 elementor-widget elementor-widget-text-editor\" data-id=\"e944016\" data-element_type=\"widget\" data-widget_type=\"text-editor.default\">\n\t\t\t\t<div class=\"elementor-widget-container\">\n\t\t\t\t\t\t\t<p class=\"western translation-block\" style=\"color: #000000; line-height: 18px; margin-bottom: 0cm; direction: ltr; background: transparent; font-family: 'Arial', serif; font-size: 12pt; font-weight: 400;\">La Direction g\u00e9n\u00e9rale de la population et des affaires civiles a inform\u00e9 que les demandes de changement de pr\u00e9nom et de nom de famille peuvent \u00e9galement \u00eatre faites via e-Gouvernement jusqu'au <strong>24 d\u00e9cembre 2022<\/strong>.<\/p><p class=\"western\" style=\"color: #000000; line-height: 18px; margin-bottom: 0cm; direction: ltr; background: transparent; font-family: 'Arial', serif; font-size: 12pt; font-weight: 400;\">\u00a0<\/p><p class=\"western\" style=\"color: #000000; line-height: 18px; margin-bottom: 0cm; direction: ltr; background: transparent; font-family: 'Arial', serif; font-size: 12pt; font-weight: 400;\">Selon la publication sur les r\u00e9seaux sociaux de la Direction g\u00e9n\u00e9rale, les citoyens peuvent soumettre leurs demandes de changement de pr\u00e9nom et de nom de famille, concernant des noms contraires \u00e0 la morale g\u00e9n\u00e9rale, jug\u00e9s ridicules, contenant des erreurs de r\u00e9daction ou d'orthographe, ou ayant des modifications de sens, via e-Gouvernement ou par \u00e9crit aux bureaux de l'\u00e9tat civil des districts jusqu'au 24 d\u00e9cembre.<\/p><p class=\"western\" style=\"color: #000000; line-height: 18px; margin-bottom: 0cm; direction: ltr; background: transparent; font-family: 'Arial', serif; font-size: 12pt; font-weight: 400;\"><span style=\"font-size: 14pt;\"><b>\u00a0<\/b><\/span><\/p><p class=\"western\" style=\"color: #f6000c; line-height: 18px; margin-bottom: 0cm; direction: ltr; background: transparent; font-family: 'Arial', serif; font-size: 14pt; font-weight: 400;\"><span style=\"font-size: 14pt;\"><b>Ne manquez pas la date limite du 24 d\u00e9cembre 2022 !<\/b><\/span><\/p>\t\t\t\t\t\t<\/div>\n\t\t\t\t<\/div>\n\t\t\t\t\t<\/div>\n\t\t<\/div>\n\t\t\t\t\t<\/div>\n\t\t<\/section>\n\t\t\t\t<section class=\"elementor-section elementor-top-section elementor-element elementor-element-aa291a0 elementor-section-boxed elementor-section-height-default elementor-section-height-default\" data-id=\"aa291a0\" data-element_type=\"section\">\n\t\t\t\t\t\t<div class=\"elementor-container elementor-column-gap-default\">\n\t\t\t\t\t<div class=\"elementor-column elementor-col-50 elementor-top-column elementor-element elementor-element-474649b\" data-id=\"474649b\" data-element_type=\"column\">\n\t\t\t<div class=\"elementor-widget-wrap elementor-element-populated\">\n\t\t\t\t\t\t<div class=\"elementor-element elementor-element-0e95837 elementor-widget elementor-widget-image\" data-id=\"0e95837\" data-element_type=\"widget\" data-widget_type=\"image.default\">\n\t\t\t\t<div class=\"elementor-widget-container\">\n\t\t\t\t\t\t\t\t\t\t\t\t\t<img decoding=\"async\" width=\"768\" height=\"512\" src=\"https:\/\/kurcaloglu.com\/wp-content\/uploads\/2022\/08\/Untitled-7-768x512.jpg\" class=\"attachment-medium_large size-medium_large wp-image-13107\" alt=\"\" srcset=\"https:\/\/kurcaloglu.com\/wp-content\/uploads\/2022\/08\/Untitled-7-768x512.jpg 768w, https:\/\/kurcaloglu.com\/wp-content\/uploads\/2022\/08\/Untitled-7-300x200.jpg 300w, https:\/\/kurcaloglu.com\/wp-content\/uploads\/2022\/08\/Untitled-7-1024x682.jpg 1024w, https:\/\/kurcaloglu.com\/wp-content\/uploads\/2022\/08\/Untitled-7-1536x1023.jpg 1536w, https:\/\/kurcaloglu.com\/wp-content\/uploads\/2022\/08\/Untitled-7.jpg 1600w\" sizes=\"(max-width: 768px) 100vw, 768px\" \/>\t\t\t\t\t\t\t\t\t\t\t\t\t<\/div>\n\t\t\t\t<\/div>\n\t\t\t\t\t<\/div>\n\t\t<\/div>\n\t\t\t\t<div class=\"elementor-column elementor-col-50 elementor-top-column elementor-element elementor-element-1147e3f\" data-id=\"1147e3f\" data-element_type=\"column\">\n\t\t\t<div class=\"elementor-widget-wrap elementor-element-populated\">\n\t\t\t\t\t\t<div class=\"elementor-element elementor-element-6abe7d3 elementor-widget elementor-widget-image\" data-id=\"6abe7d3\" data-element_type=\"widget\" data-widget_type=\"image.default\">\n\t\t\t\t<div class=\"elementor-widget-container\">\n\t\t\t\t\t\t\t\t\t\t\t\t\t<img loading=\"lazy\" decoding=\"async\" width=\"720\" height=\"495\" src=\"https:\/\/kurcaloglu.com\/wp-content\/uploads\/2022\/08\/Untitled-5.jpg\" class=\"attachment-medium_large size-medium_large wp-image-13088\" alt=\"\" srcset=\"https:\/\/kurcaloglu.com\/wp-content\/uploads\/2022\/08\/Untitled-5.jpg 720w, https:\/\/kurcaloglu.com\/wp-content\/uploads\/2022\/08\/Untitled-5-300x206.jpg 300w\" sizes=\"(max-width: 720px) 100vw, 720px\" \/>\t\t\t\t\t\t\t\t\t\t\t\t\t<\/div>\n\t\t\t\t<\/div>\n\t\t\t\t\t<\/div>\n\t\t<\/div>\n\t\t\t\t\t<\/div>\n\t\t<\/section>\n\t\t\t\t<section class=\"elementor-section elementor-top-section elementor-element elementor-element-2d2f527 elementor-section-boxed elementor-section-height-default elementor-section-height-default\" data-id=\"2d2f527\" data-element_type=\"section\">\n\t\t\t\t\t\t<div class=\"elementor-container elementor-column-gap-default\">\n\t\t\t\t\t<div class=\"elementor-column elementor-col-100 elementor-top-column elementor-element elementor-element-f4ba234\" data-id=\"f4ba234\" data-element_type=\"column\">\n\t\t\t<div class=\"elementor-widget-wrap elementor-element-populated\">\n\t\t\t\t\t\t<div class=\"elementor-element elementor-element-0aed180 elementor-widget elementor-widget-heading\" data-id=\"0aed180\" data-element_type=\"widget\" data-widget_type=\"heading.default\">\n\t\t\t\t<div class=\"elementor-widget-container\">\n\t\t\t<h2 class=\"elementor-heading-title elementor-size-default\"><b style=\"font-size: 22pt; background-color: transparent; color: rgb(0, 0, 0); font-family: &quot;Arial&quot;, serif; white-space: normal; font-style: normal; text-align: left;\">Les Pr\u00e9noms et Noms de Famille les Plus Modifi\u00e9s ?<\/b><\/h2>\t\t<\/div>\n\t\t\t\t<\/div>\n\t\t\t\t\t<\/div>\n\t\t<\/div>\n\t\t\t\t\t<\/div>\n\t\t<\/section>\n\t\t\t\t<section class=\"elementor-section elementor-top-section elementor-element elementor-element-e6f8a22 elementor-section-boxed elementor-section-height-default elementor-section-height-default\" data-id=\"e6f8a22\" data-element_type=\"section\">\n\t\t\t\t\t\t<div class=\"elementor-container elementor-column-gap-default\">\n\t\t\t\t\t<div class=\"elementor-column elementor-col-100 elementor-top-column elementor-element elementor-element-4ccedf4\" data-id=\"4ccedf4\" data-element_type=\"column\">\n\t\t\t<div class=\"elementor-widget-wrap elementor-element-populated\">\n\t\t\t\t\t\t<div class=\"elementor-element elementor-element-3062ea9 elementor-widget elementor-widget-text-editor\" data-id=\"3062ea9\" data-element_type=\"widget\" data-widget_type=\"text-editor.default\">\n\t\t\t\t<div class=\"elementor-widget-container\">\n\t\t\t\t\t\t\t<p class=\"western\" style=\"color: #000000; line-height: 16px; margin-bottom: 0cm; direction: ltr; background: transparent; font-family: 'Arial', serif; font-size: 12pt; font-weight: 400;\">Gr\u00e2ce \u00e0 l'application de correction des pr\u00e9noms et noms de famille par d\u00e9cision des conseils d'administration provinciaux et municipaux, il a \u00e9t\u00e9 rapport\u00e9 que jusqu'\u00e0 pr\u00e9sent, 298 670 personnes ont chang\u00e9 leur nom de famille et 134 818 personnes ont chang\u00e9 leur pr\u00e9nom.<\/p><p class=\"western\" style=\"color: #000000; line-height: 16px; margin-bottom: 0cm; direction: ltr; background: transparent; font-family: 'Arial', serif; font-size: 12pt; font-weight: 400;\">\u00a0<\/p><p class=\"western translation-block\" style=\"color: #000000; line-height: 18px; margin-bottom: 0cm; direction: ltr; background: transparent; font-family: Arial, serif; font-size: 12pt;\">Avec la modification, les pr\u00e9noms les plus souvent chang\u00e9s par les citoyens ont \u00e9t\u00e9 des pr\u00e9noms tels que \u00ab Yunis, Amet, Memet, Rabiye, Abubekir, Ferat, Keziban, Asan, \u0130lmi, Amza, Hava, Esme, \u00dcm\u00fct, S\u00fcmeyya, Sat\u0131lm\u0131\u015f, Firdes, Peri\u015fan, Sadet \u00bb.<\/p><p class=\"western\" style=\"color: #000000; line-height: 18px; margin-bottom: 0cm; direction: ltr; background: transparent; font-family: Arial, serif; font-size: 12pt;\">\u00a0<\/p><p class=\"western translation-block\" style=\"color: #000000; line-height: 18px; margin-bottom: 0cm; direction: ltr; background: transparent; font-family: Arial, serif; font-size: 12pt;\">Les noms de famille les plus souvent modifi\u00e9s par les citoyens sont des noms tels que \u00ab \u00c7o\u015fkun, Deli, \u00c7\u0131plak, Koyun, Sat\u0131lm\u0131\u015f, \u00c7akal, U\u011fuz, \u0130\u015fik, \u00c7inar, Top, K\u00f6r, Aydin, Dalk\u0131\u00e7, Tur\u011fut, Kahriman \u00bb.<\/p>\t\t\t\t\t\t<\/div>\n\t\t\t\t<\/div>\n\t\t\t\t\t<\/div>\n\t\t<\/div>\n\t\t\t\t\t<\/div>\n\t\t<\/section>\n\t\t\t\t<section class=\"elementor-section elementor-top-section elementor-element elementor-element-d26379d elementor-section-boxed elementor-section-height-default elementor-section-height-default\" data-id=\"d26379d\" data-element_type=\"section\">\n\t\t\t\t\t\t<div class=\"elementor-container elementor-column-gap-default\">\n\t\t\t\t\t<div class=\"elementor-column elementor-col-100 elementor-top-column elementor-element elementor-element-2132438\" data-id=\"2132438\" data-element_type=\"column\">\n\t\t\t<div class=\"elementor-widget-wrap elementor-element-populated\">\n\t\t\t\t\t\t<div class=\"elementor-element elementor-element-ed91f07 elementor-widget elementor-widget-image\" data-id=\"ed91f07\" data-element_type=\"widget\" data-widget_type=\"image.default\">\n\t\t\t\t<div class=\"elementor-widget-container\">\n\t\t\t\t\t\t\t\t\t\t\t\t\t<img loading=\"lazy\" decoding=\"async\" width=\"720\" height=\"288\" src=\"https:\/\/kurcaloglu.com\/wp-content\/uploads\/2022\/08\/Untitled-4.jpg\" class=\"attachment-medium_large size-medium_large wp-image-13087\" alt=\"\" srcset=\"https:\/\/kurcaloglu.com\/wp-content\/uploads\/2022\/08\/Untitled-4.jpg 720w, https:\/\/kurcaloglu.com\/wp-content\/uploads\/2022\/08\/Untitled-4-300x120.jpg 300w\" sizes=\"(max-width: 720px) 100vw, 720px\" \/>\t\t\t\t\t\t\t\t\t\t\t\t\t<\/div>\n\t\t\t\t<\/div>\n\t\t\t\t\t<\/div>\n\t\t<\/div>\n\t\t\t\t\t<\/div>\n\t\t<\/section>\n\t\t\t\t<section class=\"elementor-section elementor-top-section elementor-element elementor-element-a1711f3 elementor-section-boxed elementor-section-height-default elementor-section-height-default\" data-id=\"a1711f3\" data-element_type=\"section\" data-settings=\"{&quot;background_background&quot;:&quot;classic&quot;}\">\n\t\t\t\t\t\t<div class=\"elementor-container elementor-column-gap-default\">\n\t\t\t\t\t<div class=\"elementor-column elementor-col-100 elementor-top-column elementor-element elementor-element-37bd4da\" data-id=\"37bd4da\" data-element_type=\"column\">\n\t\t\t<div class=\"elementor-widget-wrap elementor-element-populated\">\n\t\t\t\t\t\t<div class=\"elementor-element elementor-element-5fecea9 elementor-widget elementor-widget-heading\" data-id=\"5fecea9\" data-element_type=\"widget\" data-widget_type=\"heading.default\">\n\t\t\t\t<div class=\"elementor-widget-container\">\n\t\t\t<h2 class=\"elementor-heading-title elementor-size-default\"><br><p style=\"color: rgb(0, 0, 0); line-height: 20px; margin-bottom: 0cm; direction: ltr; background: transparent; font-family: &quot;Times New Roman&quot;, serif; font-size: 12pt; font-weight: 400; white-space: normal;\"><span style=\"display: inline-block; border: none; padding: 0cm;\"><a href=\"https:\/\/www.turkiye.gov.tr\/nvi-il-ilce-idare-kurulu-karari-ile-ad-veya-soyadi-duzeltilmesine-iliskin-basvurularin-alinmasi\" target=\"_blank\" style=\"color: rgb(0, 0, 255); text-decoration-line: underline;\"><font color=\"#ff0000\"><font face=\"Arial, sans-serif\"><font style=\"font-size: 14pt;\"><strong style=\"font-weight: bold;\">Cliquez ici pour faire une demande de changement de pr\u00e9nom et de nom de famille.<\/strong><\/font><\/font><\/font><\/a><\/span><span style=\"color: rgb(9, 54, 161); font-family: Lora, serif; font-size: 36px; font-weight: 600; white-space: pre-wrap;\"><\/span><\/p><\/h2>\t\t<\/div>\n\t\t\t\t<\/div>\n\t\t\t\t\t<\/div>\n\t\t<\/div>\n\t\t\t\t\t<\/div>\n\t\t<\/section>\n\t\t\t\t<\/div>","protected":false},"excerpt":{"rendered":"<p>E-Devletten \u0130sim De\u011fi\u015ftirme D\u00f6nemi Ba\u015flad\u0131 17.10.2017 tarihinde 5490 say\u0131l\u0131 N\u00fcfus Hizmetleri Kanununda yap\u0131lan d\u00fczenleme sonucu ki\u015finin iki y\u0131l i\u00e7erisinde yerle\u015fim yerinin bulundu\u011fu n\u00fcfus m\u00fcd\u00fcrl\u00fc\u011f\u00fcne yaz\u0131l\u0131 olarak ba\u015fvurmas\u0131 kayd\u0131yla; Soyad\u0131 Kanunu\u2019nun 3\u2019\u00fcnc\u00fc maddesine ayk\u0131r\u0131 yaz\u0131lan, yaz\u0131m ve imla hatas\u0131 veya d\u00fczeltme i\u015fareti kullan\u0131lmas\u0131ndan kaynaklanan anlam de\u011fi\u015flikleri bulunan ad ve soyadlar\u0131 il ve il\u00e7e idare kurulunun verece\u011fi&#8230;<\/p>","protected":false},"author":1,"featured_media":0,"parent":0,"menu_order":0,"comment_status":"closed","ping_status":"closed","template":"","meta":{"footnotes":""},"yoast_head":"<!-- This site is optimized with the Yoast SEO plugin v22.8 - https:\/\/yoast.com\/wordpress\/plugins\/seo\/ -->\n<title>Kur&ccedil;alo\u011flu Hukuk &amp; Partners- E-Devletten \u0130sim De\u011fi\u015ftirme D\u00f6nemi Ba\u015flad\u0131<\/title>\n<meta name=\"robots\" content=\"index, follow, max-snippet:-1, max-image-preview:large, max-video-preview:-1\" \/>\n<link rel=\"canonical\" href=\"https:\/\/kurcaloglu.com\/fr\/e-devlet-isim-degistirme\/\" \/>\n<meta property=\"og:locale\" content=\"fr_FR\" \/>\n<meta property=\"og:type\" content=\"article\" \/>\n<meta property=\"og:title\" content=\"Kur&ccedil;alo\u011flu Hukuk &amp; Partners- E-Devletten \u0130sim De\u011fi\u015ftirme D\u00f6nemi Ba\u015flad\u0131\" \/>\n<meta property=\"og:description\" content=\"E-Devletten \u0130sim De\u011fi\u015ftirme D\u00f6nemi Ba\u015flad\u0131 17.10.2017 tarihinde 5490 say\u0131l\u0131 N\u00fcfus Hizmetleri Kanununda yap\u0131lan d\u00fczenleme sonucu ki\u015finin iki y\u0131l i\u00e7erisinde yerle\u015fim yerinin bulundu\u011fu n\u00fcfus m\u00fcd\u00fcrl\u00fc\u011f\u00fcne yaz\u0131l\u0131 olarak ba\u015fvurmas\u0131 kayd\u0131yla; Soyad\u0131 Kanunu\u2019nun 3\u2019\u00fcnc\u00fc maddesine ayk\u0131r\u0131 yaz\u0131lan, yaz\u0131m ve imla hatas\u0131 veya d\u00fczeltme i\u015fareti kullan\u0131lmas\u0131ndan kaynaklanan anlam de\u011fi\u015flikleri bulunan ad ve soyadlar\u0131 il ve il\u00e7e idare kurulunun verece\u011fi...\" \/>\n<meta property=\"og:url\" content=\"https:\/\/kurcaloglu.com\/fr\/e-devlet-isim-degistirme\/\" \/>\n<meta property=\"og:site_name\" content=\"Kur&ccedil;alo\u011flu Hukuk &amp; Partners\" \/>\n<meta property=\"article:publisher\" content=\"https:\/\/www.facebook.com\/profile.php?id=100090344741598\" \/>\n<meta property=\"article:modified_time\" content=\"2022-09-02T13:08:57+00:00\" \/>\n<meta property=\"og:image\" content=\"https:\/\/kurcaloglu.com\/wp-content\/uploads\/2022\/08\/Untitled-1-768x516.jpg\" \/>\n<meta name=\"twitter:card\" content=\"summary_large_image\" \/>\n<meta name=\"twitter:site\" content=\"@KurcalogluHukuk\" \/>\n<meta name=\"twitter:label1\" content=\"Dur\u00e9e de lecture estim\u00e9e\" \/>\n\t<meta name=\"twitter:data1\" content=\"4 minutes\" \/>\n<script type=\"application\/ld+json\" class=\"yoast-schema-graph\">{\"@context\":\"https:\/\/schema.org\",\"@graph\":[{\"@type\":\"WebPage\",\"@id\":\"https:\/\/kurcaloglu.com\/e-devlet-isim-degistirme\/\",\"url\":\"https:\/\/kurcaloglu.com\/e-devlet-isim-degistirme\/\",\"name\":\"Kur&ccedil;alo\u011flu Hukuk &amp; Partners- E-Devletten \u0130sim De\u011fi\u015ftirme D\u00f6nemi Ba\u015flad\u0131\",\"isPartOf\":{\"@id\":\"https:\/\/kurcaloglu.com\/#website\"},\"primaryImageOfPage\":{\"@id\":\"https:\/\/kurcaloglu.com\/e-devlet-isim-degistirme\/#primaryimage\"},\"image\":{\"@id\":\"https:\/\/kurcaloglu.com\/e-devlet-isim-degistirme\/#primaryimage\"},\"thumbnailUrl\":\"https:\/\/kurcaloglu.com\/wp-content\/uploads\/2022\/08\/Untitled-1-768x516.jpg\",\"datePublished\":\"2022-08-31T13:48:38+00:00\",\"dateModified\":\"2022-09-02T13:08:57+00:00\",\"breadcrumb\":{\"@id\":\"https:\/\/kurcaloglu.com\/e-devlet-isim-degistirme\/#breadcrumb\"},\"inLanguage\":\"fr-FR\",\"potentialAction\":[{\"@type\":\"ReadAction\",\"target\":[\"https:\/\/kurcaloglu.com\/e-devlet-isim-degistirme\/\"]}]},{\"@type\":\"ImageObject\",\"inLanguage\":\"fr-FR\",\"@id\":\"https:\/\/kurcaloglu.com\/e-devlet-isim-degistirme\/#primaryimage\",\"url\":\"https:\/\/kurcaloglu.com\/wp-content\/uploads\/2022\/08\/Untitled-1-768x516.jpg\",\"contentUrl\":\"https:\/\/kurcaloglu.com\/wp-content\/uploads\/2022\/08\/Untitled-1-768x516.jpg\"},{\"@type\":\"BreadcrumbList\",\"@id\":\"https:\/\/kurcaloglu.com\/e-devlet-isim-degistirme\/#breadcrumb\",\"itemListElement\":[{\"@type\":\"ListItem\",\"position\":1,\"name\":\"Anasayfa\",\"item\":\"https:\/\/kurcaloglu.com\/\"},{\"@type\":\"ListItem\",\"position\":2,\"name\":\"E-Devletten \u0130sim De\u011fi\u015ftirme D\u00f6nemi Ba\u015flad\u0131\"}]},{\"@type\":\"WebSite\",\"@id\":\"https:\/\/kurcaloglu.com\/#website\",\"url\":\"https:\/\/kurcaloglu.com\/\",\"name\":\"Kur\u00e7alo\u011flu Hukuk & Partners\",\"description\":\"Ceza hukuku- \u0130cra iflas hukuku, Miras hukuku, Bo\u015fanma hukuk, \u0130\u015f hukuku\",\"publisher\":{\"@id\":\"https:\/\/kurcaloglu.com\/#organization\"},\"alternateName\":\"Kur\u00e7alo\u011flu Hukuk & Partners\",\"potentialAction\":[{\"@type\":\"SearchAction\",\"target\":{\"@type\":\"EntryPoint\",\"urlTemplate\":\"https:\/\/kurcaloglu.com\/?s={search_term_string}\"},\"query-input\":\"required name=search_term_string\"}],\"inLanguage\":\"fr-FR\"},{\"@type\":\"Organization\",\"@id\":\"https:\/\/kurcaloglu.com\/#organization\",\"name\":\"Kur\u00e7alo\u011flu Hukuk & Partners\",\"alternateName\":\"Kur\u00e7alo\u011flu Hukuk & Partners\",\"url\":\"https:\/\/kurcaloglu.com\/\",\"logo\":{\"@type\":\"ImageObject\",\"inLanguage\":\"fr-FR\",\"@id\":\"https:\/\/kurcaloglu.com\/#\/schema\/logo\/image\/\",\"url\":\"https:\/\/kurcaloglu.com\/wp-content\/uploads\/2022\/04\/cropped-cropped-cropped-Adsiz-tasarim-1-2-1.png\",\"contentUrl\":\"https:\/\/kurcaloglu.com\/wp-content\/uploads\/2022\/04\/cropped-cropped-cropped-Adsiz-tasarim-1-2-1.png\",\"width\":245,\"height\":65,\"caption\":\"Kur\u00e7alo\u011flu Hukuk & Partners\"},\"image\":{\"@id\":\"https:\/\/kurcaloglu.com\/#\/schema\/logo\/image\/\"},\"sameAs\":[\"https:\/\/www.facebook.com\/profile.php?id=100090344741598\",\"https:\/\/x.com\/KurcalogluHukuk\",\"https:\/\/www.facebook.com\/kurcalogluhukuk&partners\",\"https:\/\/www.instagram.com\/kurcalogluhukuk&Partners\/?hl=tr\"]}]}<\/script>\n<!-- \/ Yoast SEO plugin. -->","yoast_head_json":{"title":"Kur&ccedil;alo\u011flu Hukuk &amp; Partners- E-Devletten \u0130sim De\u011fi\u015ftirme D\u00f6nemi Ba\u015flad\u0131","robots":{"index":"index","follow":"follow","max-snippet":"max-snippet:-1","max-image-preview":"max-image-preview:large","max-video-preview":"max-video-preview:-1"},"canonical":"https:\/\/kurcaloglu.com\/fr\/e-devlet-isim-degistirme\/","og_locale":"fr_FR","og_type":"article","og_title":"Kur&ccedil;alo\u011flu Hukuk &amp; Partners- E-Devletten \u0130sim De\u011fi\u015ftirme D\u00f6nemi Ba\u015flad\u0131","og_description":"E-Devletten \u0130sim De\u011fi\u015ftirme D\u00f6nemi Ba\u015flad\u0131 17.10.2017 tarihinde 5490 say\u0131l\u0131 N\u00fcfus Hizmetleri Kanununda yap\u0131lan d\u00fczenleme sonucu ki\u015finin iki y\u0131l i\u00e7erisinde yerle\u015fim yerinin bulundu\u011fu n\u00fcfus m\u00fcd\u00fcrl\u00fc\u011f\u00fcne yaz\u0131l\u0131 olarak ba\u015fvurmas\u0131 kayd\u0131yla; Soyad\u0131 Kanunu\u2019nun 3\u2019\u00fcnc\u00fc maddesine ayk\u0131r\u0131 yaz\u0131lan, yaz\u0131m ve imla hatas\u0131 veya d\u00fczeltme i\u015fareti kullan\u0131lmas\u0131ndan kaynaklanan anlam de\u011fi\u015flikleri bulunan ad ve soyadlar\u0131 il ve il\u00e7e idare kurulunun verece\u011fi...","og_url":"https:\/\/kurcaloglu.com\/fr\/e-devlet-isim-degistirme\/","og_site_name":"Kur&ccedil;alo\u011flu Hukuk &amp; Partners","article_publisher":"https:\/\/www.facebook.com\/profile.php?id=100090344741598","article_modified_time":"2022-09-02T13:08:57+00:00","og_image":[{"url":"https:\/\/kurcaloglu.com\/wp-content\/uploads\/2022\/08\/Untitled-1-768x516.jpg"}],"twitter_card":"summary_large_image","twitter_site":"@KurcalogluHukuk","twitter_misc":{"Dur\u00e9e de lecture estim\u00e9e":"4 minutes"},"schema":{"@context":"https:\/\/schema.org","@graph":[{"@type":"WebPage","@id":"https:\/\/kurcaloglu.com\/e-devlet-isim-degistirme\/","url":"https:\/\/kurcaloglu.com\/e-devlet-isim-degistirme\/","name":"Kur&ccedil;alo\u011flu Hukuk &amp; Partners- E-Devletten \u0130sim De\u011fi\u015ftirme D\u00f6nemi Ba\u015flad\u0131","isPartOf":{"@id":"https:\/\/kurcaloglu.com\/#website"},"primaryImageOfPage":{"@id":"https:\/\/kurcaloglu.com\/e-devlet-isim-degistirme\/#primaryimage"},"image":{"@id":"https:\/\/kurcaloglu.com\/e-devlet-isim-degistirme\/#primaryimage"},"thumbnailUrl":"https:\/\/kurcaloglu.com\/wp-content\/uploads\/2022\/08\/Untitled-1-768x516.jpg","datePublished":"2022-08-31T13:48:38+00:00","dateModified":"2022-09-02T13:08:57+00:00","breadcrumb":{"@id":"https:\/\/kurcaloglu.com\/e-devlet-isim-degistirme\/#breadcrumb"},"inLanguage":"fr-FR","potentialAction":[{"@type":"ReadAction","target":["https:\/\/kurcaloglu.com\/e-devlet-isim-degistirme\/"]}]},{"@type":"ImageObject","inLanguage":"fr-FR","@id":"https:\/\/kurcaloglu.com\/e-devlet-isim-degistirme\/#primaryimage","url":"https:\/\/kurcaloglu.com\/wp-content\/uploads\/2022\/08\/Untitled-1-768x516.jpg","contentUrl":"https:\/\/kurcaloglu.com\/wp-content\/uploads\/2022\/08\/Untitled-1-768x516.jpg"},{"@type":"BreadcrumbList","@id":"https:\/\/kurcaloglu.com\/e-devlet-isim-degistirme\/#breadcrumb","itemListElement":[{"@type":"ListItem","position":1,"name":"Anasayfa","item":"https:\/\/kurcaloglu.com\/"},{"@type":"ListItem","position":2,"name":"E-Devletten \u0130sim De\u011fi\u015ftirme D\u00f6nemi Ba\u015flad\u0131"}]},{"@type":"WebSite","@id":"https:\/\/kurcaloglu.com\/#website","url":"https:\/\/kurcaloglu.com\/","name":"Kur\u00e7alo\u011flu Hukuk & Partners","description":"Ceza hukuku- \u0130cra iflas hukuku, Miras hukuku, Bo\u015fanma hukuk, \u0130\u015f hukuku","publisher":{"@id":"https:\/\/kurcaloglu.com\/#organization"},"alternateName":"Kur\u00e7alo\u011flu Hukuk & Partners","potentialAction":[{"@type":"SearchAction","target":{"@type":"EntryPoint","urlTemplate":"https:\/\/kurcaloglu.com\/?s={search_term_string}"},"query-input":"required name=search_term_string"}],"inLanguage":"fr-FR"},{"@type":"Organization","@id":"https:\/\/kurcaloglu.com\/#organization","name":"Kur\u00e7alo\u011flu Hukuk & Partners","alternateName":"Kur\u00e7alo\u011flu Hukuk & Partners","url":"https:\/\/kurcaloglu.com\/","logo":{"@type":"ImageObject","inLanguage":"fr-FR","@id":"https:\/\/kurcaloglu.com\/#\/schema\/logo\/image\/","url":"https:\/\/kurcaloglu.com\/wp-content\/uploads\/2022\/04\/cropped-cropped-cropped-Adsiz-tasarim-1-2-1.png","contentUrl":"https:\/\/kurcaloglu.com\/wp-content\/uploads\/2022\/04\/cropped-cropped-cropped-Adsiz-tasarim-1-2-1.png","width":245,"height":65,"caption":"Kur\u00e7alo\u011flu Hukuk & Partners"},"image":{"@id":"https:\/\/kurcaloglu.com\/#\/schema\/logo\/image\/"},"sameAs":["https:\/\/www.facebook.com\/profile.php?id=100090344741598","https:\/\/x.com\/KurcalogluHukuk","https:\/\/www.facebook.com\/kurcalogluhukuk&partners","https:\/\/www.instagram.com\/kurcalogluhukuk&Partners\/?hl=tr"]}]}},"_links":{"self":[{"href":"https:\/\/kurcaloglu.com\/fr\/wp-json\/wp\/v2\/pages\/13105"}],"collection":[{"href":"https:\/\/kurcaloglu.com\/fr\/wp-json\/wp\/v2\/pages"}],"about":[{"href":"https:\/\/kurcaloglu.com\/fr\/wp-json\/wp\/v2\/types\/page"}],"author":[{"embeddable":true,"href":"https:\/\/kurcaloglu.com\/fr\/wp-json\/wp\/v2\/users\/1"}],"replies":[{"embeddable":true,"href":"https:\/\/kurcaloglu.com\/fr\/wp-json\/wp\/v2\/comments?post=13105"}],"version-history":[{"count":115,"href":"https:\/\/kurcaloglu.com\/fr\/wp-json\/wp\/v2\/pages\/13105\/revisions"}],"predecessor-version":[{"id":13261,"href":"https:\/\/kurcaloglu.com\/fr\/wp-json\/wp\/v2\/pages\/13105\/revisions\/13261"}],"wp:attachment":[{"href":"https:\/\/kurcaloglu.com\/fr\/wp-json\/wp\/v2\/media?parent=13105"}],"curies":[{"name":"wp","href":"https:\/\/api.w.org\/{rel}","templated":true}]}}